{"id":6619,"date":"2023-09-05T13:25:08","date_gmt":"2023-09-05T13:25:08","guid":{"rendered":"https:\/\/vedibissone.ch\/6-casa-casellini\/"},"modified":"2026-04-23T14:09:46","modified_gmt":"2026-04-23T14:09:46","slug":"casa-casellini","status":"publish","type":"page","link":"https:\/\/vedibissone.ch\/fr\/casa-casellini\/","title":{"rendered":"6. Maison Casellini"},"content":{"rendered":"<p><div class=\"fusion-fullwidth fullwidth-box fusion-builder-row-1 fusion-flex-container has-pattern-background has-mask-background nonhundred-percent-fullwidth non-hundred-percent-height-scrolling\" style=\"--awb-border-radius-top-left:0px;--awb-border-radius-top-right:0px;--awb-border-radius-bottom-right:0px;--awb-border-radius-bottom-left:0px;--awb-flex-wrap:wrap;\" ><div class=\"fusion-builder-row fusion-row fusion-flex-align-items-flex-start fusion-flex-content-wrap\" style=\"max-width:1414.4px;margin-left: calc(-4% \/ 2 );margin-right: calc(-4% \/ 2 );\"><div class=\"fusion-layout-column fusion_builder_column fusion-builder-column-0 fusion_builder_column_1_1 1_1 fusion-flex-column\" style=\"--awb-bg-size:cover;--awb-width-large:100%;--awb-margin-top-large:0px;--awb-spacing-right-large:1.92%;--awb-margin-bottom-large:20px;--awb-spacing-left-large:1.92%;--awb-width-medium:100%;--awb-order-medium:0;--awb-spacing-right-medium:1.92%;--awb-spacing-left-medium:1.92%;--awb-width-small:100%;--awb-order-small:0;--awb-spacing-right-small:1.92%;--awb-spacing-left-small:1.92%;\"><div class=\"fusion-column-wrapper fusion-column-has-shadow fusion-flex-justify-content-flex-start fusion-content-layout-column\"><div class=\"fusion-separator fusion-full-width-sep\" style=\"align-self: center;margin-left: auto;margin-right: auto;margin-top:2%;width:100%;\"><\/div><div class=\"fusion-video fusion-selfhosted-video\" style=\"max-width:100%;\"><div class=\"video-wrapper\"><video playsinline=\"true\" width=\"100%\" style=\"object-fit: cover;\" autoplay=\"true\" preload=\"auto\" controls=\"1\"><source src=\"https:\/\/vedibissone.ch\/wp-content\/uploads\/2026\/04\/06-CASA-CASELLINI-FR-1.mp4\" type=\"video\/mp4\">Sorry, your browser doesn&#039;t support embedded videos.<\/video><\/div><\/div><\/div><\/div><\/div><\/div><div class=\"fusion-fullwidth fullwidth-box fusion-builder-row-2 fusion-flex-container has-pattern-background has-mask-background nonhundred-percent-fullwidth non-hundred-percent-height-scrolling\" style=\"--awb-border-radius-top-left:0px;--awb-border-radius-top-right:0px;--awb-border-radius-bottom-right:0px;--awb-border-radius-bottom-left:0px;--awb-flex-wrap:wrap;\" ><div class=\"fusion-builder-row fusion-row fusion-flex-align-items-flex-start fusion-flex-justify-content-center fusion-flex-content-wrap\" style=\"max-width:1414.4px;margin-left: calc(-4% \/ 2 );margin-right: calc(-4% \/ 2 );\"><div class=\"fusion-layout-column fusion_builder_column fusion-builder-column-1 fusion_builder_column_3_4 3_4 fusion-flex-column\" style=\"--awb-bg-size:cover;--awb-width-large:75%;--awb-margin-top-large:0px;--awb-spacing-right-large:2.56%;--awb-margin-bottom-large:0px;--awb-spacing-left-large:2.56%;--awb-width-medium:75%;--awb-order-medium:0;--awb-spacing-right-medium:2.56%;--awb-spacing-left-medium:2.56%;--awb-width-small:100%;--awb-order-small:0;--awb-spacing-right-small:1.92%;--awb-spacing-left-small:1.92%;\"><div class=\"fusion-column-wrapper fusion-column-has-shadow fusion-flex-justify-content-flex-start fusion-content-layout-column\"><div class=\"fusion-title title fusion-title-1 fusion-sep-none fusion-title-center fusion-title-text fusion-title-size-two\" style=\"--awb-margin-top:25px;--awb-margin-bottom:70px;--awb-margin-top-small:30px;--awb-margin-right-small:0px;--awb-margin-bottom-small:60px;--awb-margin-left-small:0px;\"><h2 class=\"fusion-title-heading title-heading-center\" style=\"margin:0;\">6. Maison Casellini<\/h2><\/div><div class=\"fusion-text fusion-text-1 fusion-text-no-margin\" style=\"--awb-content-alignment:center;--awb-font-size:20px;--awb-text-color:var(--awb-color8);--awb-margin-bottom:80px;\"><p>L\u2019\u00e9difice fut, pendant plusieurs ann\u00e9es le si\u00e8ge du Mus\u00e9e Tencalla, une ancienne famille d\u2019architectes et d\u2019artistes bissonnais qui laiss\u00e8rent dans de nombreuses villes europ\u00e9ennes des t\u00e9moignages de leur art.<\/p>\n<\/div><\/div><\/div><\/div><\/div><div class=\"fusion-fullwidth fullwidth-box fusion-builder-row-3 fusion-flex-container has-pattern-background has-mask-background nonhundred-percent-fullwidth non-hundred-percent-height-scrolling\" style=\"--awb-border-radius-top-left:0px;--awb-border-radius-top-right:0px;--awb-border-radius-bottom-right:0px;--awb-border-radius-bottom-left:0px;--awb-flex-wrap:wrap;\" ><div class=\"fusion-builder-row fusion-row fusion-flex-align-items-flex-start fusion-flex-justify-content-center fusion-flex-content-wrap\" style=\"max-width:1414.4px;margin-left: calc(-4% \/ 2 );margin-right: calc(-4% \/ 2 );\"><div class=\"fusion-layout-column fusion_builder_column fusion-builder-column-2 fusion_builder_column_2_5 2_5 fusion-flex-column\" style=\"--awb-bg-size:cover;--awb-width-large:40%;--awb-margin-top-large:0px;--awb-spacing-right-large:4.8%;--awb-margin-bottom-large:20px;--awb-spacing-left-large:4.8%;--awb-width-medium:40%;--awb-order-medium:0;--awb-spacing-right-medium:4.8%;--awb-spacing-left-medium:4.8%;--awb-width-small:100%;--awb-order-small:0;--awb-spacing-right-small:1.92%;--awb-spacing-left-small:1.92%;\"><div class=\"fusion-column-wrapper fusion-column-has-shadow fusion-flex-justify-content-flex-start fusion-content-layout-column\"><div class=\"fusion-image-carousel fusion-image-carousel-auto fusion-image-carousel-1\"><div class=\"awb-carousel awb-swiper awb-swiper-carousel awb-carousel--carousel awb-swiper-dots-position-bottom\" data-layout=\"carousel\" data-autoplay=\"no\" data-autoplayspeed=\"2500\" data-autoplaypause=\"no\" data-loop=\"yes\" data-columns=\"2\" data-columnsmedium=\"1\" data-columnssmall=\"1\" data-itemmargin=\"13\" data-itemwidth=\"180\" data-touchscroll=\"no\" data-freemode=\"no\" data-imagesize=\"auto\" data-scrollitems=\"0\" data-scrollitems-medium=\"0\" data-scrollitems-small=\"0\" data-centeredslides=\"no\" data-rotationangle=\"50\" data-depth=\"100\" data-speed=\"500\" data-shadow=\"no\" data-pagination=\"bullets\" style=\"--awb-columns:2;--awb-dots-align:center;\"><div class=\"swiper-wrapper awb-image-carousel-wrapper fusion-flex-align-items-center\"><div class=\"swiper-slide\"><div class=\"fusion-carousel-item-wrapper\"><div class=\"fusion-image-wrapper hover-type-none\"><img decoding=\"async\" width=\"400\" height=\"600\" src=\"https:\/\/vedibissone.ch\/wp-content\/uploads\/2025\/07\/VEDI-BISSONE-CASA-CASELLINI-PROSPETTO-PUBBLICITATIO-ANNI-60.jpg\" class=\"attachment-full size-full lazyload\" alt=\"\" srcset=\"data:image\/svg+xml,%3Csvg%20xmlns%3D%27http%3A%2F%2Fwww.w3.org%2F2000%2Fsvg%27%20width%3D%27400%27%20height%3D%27600%27%20viewBox%3D%270%200%20400%20600%27%3E%3Crect%20width%3D%27400%27%20height%3D%27600%27%20fill-opacity%3D%220%22%2F%3E%3C%2Fsvg%3E\" data-orig-src=\"https:\/\/vedibissone.ch\/wp-content\/uploads\/2025\/07\/VEDI-BISSONE-CASA-CASELLINI-PROSPETTO-PUBBLICITATIO-ANNI-60.jpg\" data-srcset=\"https:\/\/vedibissone.ch\/wp-content\/uploads\/2025\/07\/VEDI-BISSONE-CASA-CASELLINI-PROSPETTO-PUBBLICITATIO-ANNI-60-200x300.jpg 200w, https:\/\/vedibissone.ch\/wp-content\/uploads\/2025\/07\/VEDI-BISSONE-CASA-CASELLINI-PROSPETTO-PUBBLICITATIO-ANNI-60.jpg 400w\" data-sizes=\"auto\" \/><\/div><\/div><\/div><\/div><\/div><\/div><\/div><\/div><div class=\"fusion-layout-column fusion_builder_column fusion-builder-column-3 fusion_builder_column_2_5 2_5 fusion-flex-column\" style=\"--awb-bg-size:cover;--awb-width-large:40%;--awb-margin-top-large:0px;--awb-spacing-right-large:4.8%;--awb-margin-bottom-large:20px;--awb-spacing-left-large:4.8%;--awb-width-medium:40%;--awb-order-medium:0;--awb-spacing-right-medium:4.8%;--awb-spacing-left-medium:4.8%;--awb-width-small:100%;--awb-order-small:0;--awb-spacing-right-small:1.92%;--awb-spacing-left-small:1.92%;\"><div class=\"fusion-column-wrapper fusion-column-has-shadow fusion-flex-justify-content-flex-start fusion-content-layout-column\"><div class=\"fusion-image-carousel fusion-image-carousel-auto fusion-image-carousel-2\"><div class=\"awb-carousel awb-swiper awb-swiper-carousel awb-carousel--carousel awb-swiper-dots-position-bottom\" data-layout=\"carousel\" data-autoplay=\"no\" data-autoplayspeed=\"2500\" data-autoplaypause=\"no\" data-loop=\"yes\" data-columns=\"2\" data-columnsmedium=\"1\" data-columnssmall=\"1\" data-itemmargin=\"13\" data-itemwidth=\"180\" data-touchscroll=\"no\" data-freemode=\"no\" data-imagesize=\"auto\" data-scrollitems=\"0\" data-scrollitems-medium=\"0\" data-scrollitems-small=\"0\" data-centeredslides=\"no\" data-rotationangle=\"50\" data-depth=\"100\" data-speed=\"500\" data-shadow=\"no\" data-pagination=\"bullets\" style=\"--awb-columns:2;--awb-dots-align:center;\"><div class=\"swiper-wrapper awb-image-carousel-wrapper fusion-flex-align-items-center\"><div class=\"swiper-slide\"><div class=\"fusion-carousel-item-wrapper\"><div class=\"fusion-image-wrapper hover-type-none\"><img decoding=\"async\" width=\"400\" height=\"600\" src=\"https:\/\/vedibissone.ch\/wp-content\/uploads\/2025\/06\/VEDI-BISSONE-CASA-CASELLINI-PROSPETTO-PUBBLICITATIO-ANNI-60-2.jpg\" class=\"attachment-full size-full lazyload\" alt=\"\" srcset=\"data:image\/svg+xml,%3Csvg%20xmlns%3D%27http%3A%2F%2Fwww.w3.org%2F2000%2Fsvg%27%20width%3D%27400%27%20height%3D%27600%27%20viewBox%3D%270%200%20400%20600%27%3E%3Crect%20width%3D%27400%27%20height%3D%27600%27%20fill-opacity%3D%220%22%2F%3E%3C%2Fsvg%3E\" data-orig-src=\"https:\/\/vedibissone.ch\/wp-content\/uploads\/2025\/06\/VEDI-BISSONE-CASA-CASELLINI-PROSPETTO-PUBBLICITATIO-ANNI-60-2.jpg\" data-srcset=\"https:\/\/vedibissone.ch\/wp-content\/uploads\/2025\/06\/VEDI-BISSONE-CASA-CASELLINI-PROSPETTO-PUBBLICITATIO-ANNI-60-2-200x300.jpg 200w, https:\/\/vedibissone.ch\/wp-content\/uploads\/2025\/06\/VEDI-BISSONE-CASA-CASELLINI-PROSPETTO-PUBBLICITATIO-ANNI-60-2.jpg 400w\" data-sizes=\"auto\" \/><\/div><\/div><\/div><\/div><\/div><\/div><\/div><\/div><\/div><\/div><div class=\"fusion-fullwidth fullwidth-box fusion-builder-row-4 fusion-flex-container has-pattern-background has-mask-background nonhundred-percent-fullwidth non-hundred-percent-height-scrolling\" style=\"--awb-border-radius-top-left:0px;--awb-border-radius-top-right:0px;--awb-border-radius-bottom-right:0px;--awb-border-radius-bottom-left:0px;--awb-flex-wrap:wrap;\" ><div class=\"fusion-builder-row fusion-row fusion-flex-align-items-flex-start fusion-flex-justify-content-center fusion-flex-content-wrap\" style=\"max-width:1414.4px;margin-left: calc(-4% \/ 2 );margin-right: calc(-4% \/ 2 );\"><div class=\"fusion-layout-column fusion_builder_column fusion-builder-column-4 fusion_builder_column_2_3 2_3 fusion-flex-column\" style=\"--awb-bg-size:cover;--awb-width-large:66.666666666667%;--awb-margin-top-large:0px;--awb-spacing-right-large:2.88%;--awb-margin-bottom-large:20px;--awb-spacing-left-large:2.88%;--awb-width-medium:66.666666666667%;--awb-order-medium:0;--awb-spacing-right-medium:2.88%;--awb-spacing-left-medium:2.88%;--awb-width-small:100%;--awb-order-small:0;--awb-spacing-right-small:1.92%;--awb-spacing-left-small:1.92%;\"><div class=\"fusion-column-wrapper fusion-column-has-shadow fusion-flex-justify-content-flex-start fusion-content-layout-column\"><div class=\"fusion-text fusion-text-2\"><p style=\"text-align: center;\">Prospectus publicitaire des ann\u00e9es 60<\/p>\n<\/div><div class=\"fusion-image-element \" style=\"text-align:center;--awb-caption-title-font-family:var(--h2_typography-font-family);--awb-caption-title-font-weight:var(--h2_typography-font-weight);--awb-caption-title-font-style:var(--h2_typography-font-style);--awb-caption-title-size:var(--h2_typography-font-size);--awb-caption-title-transform:var(--h2_typography-text-transform);--awb-caption-title-line-height:var(--h2_typography-line-height);--awb-caption-title-letter-spacing:var(--h2_typography-letter-spacing);\"><span class=\" fusion-imageframe imageframe-none imageframe-1 hover-type-none\"><img decoding=\"async\" width=\"1920\" height=\"1441\" title=\"VEDI-BISSONE-CASA-CASELLINI-anni-60\" src=\"https:\/\/vedibissone.ch\/wp-content\/uploads\/2025\/07\/VEDI-BISSONE-CASA-CASELLINI-anni-60.jpg\" data-orig-src=\"https:\/\/vedibissone.ch\/wp-content\/uploads\/2025\/07\/VEDI-BISSONE-CASA-CASELLINI-anni-60.jpg\" alt class=\"lazyload img-responsive wp-image-5369\" srcset=\"data:image\/svg+xml,%3Csvg%20xmlns%3D%27http%3A%2F%2Fwww.w3.org%2F2000%2Fsvg%27%20width%3D%271920%27%20height%3D%271441%27%20viewBox%3D%270%200%201920%201441%27%3E%3Crect%20width%3D%271920%27%20height%3D%271441%27%20fill-opacity%3D%220%22%2F%3E%3C%2Fsvg%3E\" data-srcset=\"https:\/\/vedibissone.ch\/wp-content\/uploads\/2025\/07\/VEDI-BISSONE-CASA-CASELLINI-anni-60-200x150.jpg 200w, https:\/\/vedibissone.ch\/wp-content\/uploads\/2025\/07\/VEDI-BISSONE-CASA-CASELLINI-anni-60-400x300.jpg 400w, https:\/\/vedibissone.ch\/wp-content\/uploads\/2025\/07\/VEDI-BISSONE-CASA-CASELLINI-anni-60-600x450.jpg 600w, https:\/\/vedibissone.ch\/wp-content\/uploads\/2025\/07\/VEDI-BISSONE-CASA-CASELLINI-anni-60-800x600.jpg 800w, https:\/\/vedibissone.ch\/wp-content\/uploads\/2025\/07\/VEDI-BISSONE-CASA-CASELLINI-anni-60-1200x901.jpg 1200w, https:\/\/vedibissone.ch\/wp-content\/uploads\/2025\/07\/VEDI-BISSONE-CASA-CASELLINI-anni-60.jpg 1920w\" data-sizes=\"auto\" data-orig-sizes=\"(max-width: 800px) 100vw, 1200px\" \/><\/span><\/div><div class=\"fusion-text fusion-text-3\"><p style=\"text-align: center;\">Fondo Vincenzo Vicari, Archivio storico della Citt\u00e0 di Lugano &#8211; <a href=\"https:\/\/patrimonio.luganocultura.ch\/\" target=\"_blank\" rel=\"noopener\">www.archiviostoricolugano.ch<\/a><\/p>\n<\/div><\/div><\/div><\/div><\/div><div class=\"fusion-fullwidth fullwidth-box fusion-builder-row-5 fusion-flex-container has-pattern-background has-mask-background nonhundred-percent-fullwidth non-hundred-percent-height-scrolling\" style=\"--awb-border-radius-top-left:0px;--awb-border-radius-top-right:0px;--awb-border-radius-bottom-right:0px;--awb-border-radius-bottom-left:0px;--awb-margin-top:100px;--awb-flex-wrap:wrap;\" ><div class=\"fusion-builder-row fusion-row fusion-flex-align-items-flex-start fusion-flex-justify-content-center fusion-flex-content-wrap\" style=\"max-width:1414.4px;margin-left: calc(-4% \/ 2 );margin-right: calc(-4% \/ 2 );\"><div class=\"fusion-layout-column fusion_builder_column fusion-builder-column-5 fusion_builder_column_1_1 1_1 fusion-flex-column\" style=\"--awb-bg-size:cover;--awb-width-large:100%;--awb-margin-top-large:0px;--awb-spacing-right-large:1.92%;--awb-margin-bottom-large:0px;--awb-spacing-left-large:1.92%;--awb-width-medium:100%;--awb-order-medium:0;--awb-spacing-right-medium:1.92%;--awb-spacing-left-medium:1.92%;--awb-width-small:100%;--awb-order-small:0;--awb-spacing-right-small:1.92%;--awb-spacing-left-small:1.92%;\"><div class=\"fusion-column-wrapper fusion-column-has-shadow fusion-flex-justify-content-flex-start fusion-content-layout-column\"><div class=\"fusion-title title fusion-title-2 fusion-no-small-visibility fusion-sep-none fusion-title-center fusion-title-text fusion-title-size-two\" style=\"--awb-margin-top:25px;--awb-margin-bottom:70px;--awb-margin-top-small:30px;--awb-margin-right-small:0px;--awb-margin-bottom-small:60px;--awb-margin-left-small:0px;\"><h2 class=\"fusion-title-heading title-heading-center\" style=\"margin:0;\">L\u2019histoire<\/h2><\/div><div class=\"fusion-title title fusion-title-3 fusion-no-medium-visibility fusion-no-large-visibility fusion-sep-none fusion-title-text fusion-title-size-two\" style=\"--awb-margin-top:25px;--awb-margin-bottom:70px;--awb-margin-top-small:30px;--awb-margin-right-small:0px;--awb-margin-bottom-small:60px;--awb-margin-left-small:0px;\"><h2 class=\"fusion-title-heading title-heading-left\" style=\"margin:0;\">L\u2019histoire<\/h2><\/div><div class=\"fusion-text fusion-text-4\"><p>Il a appartenu \u00e0 la famille Casellini durant plusieurs g\u00e9n\u00e9rations. Pendant une longue p\u00e9riode, comme en t\u00e9moigne la r\u00e9clame, il a \u00e9t\u00e9 utilis\u00e9 comme mus\u00e9e d\u2019art priv\u00e9e.<\/p>\n<p>\u00c0 l\u2019int\u00e9rieur, au premier \u00e9tage, les pi\u00e8ces servant de cuisine et de salon abritent des plafonds \u00e0 caissons et d\u2019importantes chemin\u00e9es d\u00e9cor\u00e9es en stuc. La fa\u00e7ade pr\u00e9sente des fen\u00eatres particuli\u00e8rement vastes, entour\u00e9es de cadres de pierre s\u00e9v\u00e8res et surmont\u00e9es d\u2019architraves surplombant le lac, soutenues par des consoles. Sur les architraves des fen\u00eatres inf\u00e9rieures, on peut lire l\u2019inscription SOLI DEO\/HONORE ET GLORIA (Honneur et gloire \u00e0 Dieu seul).<\/p>\n<p>Au rez-de-chauss\u00e9e, sous le vaste portique, deux portails d\u00e9limit\u00e9s par des arcs bris\u00e9s m\u00e8nent \u00e0 des pi\u00e8ces d&rsquo;o\u00f9 partent les escaliers vers les \u00e9tages sup\u00e9rieurs. La forme, les proportions et le travail de la pierre permettent de les faire remonter \u00e0 la p\u00e9riode du bas Moyen \u00c2ge.<\/p>\n<\/div><div class=\"fusion-separator fusion-full-width-sep\" style=\"align-self: center;margin-left: auto;margin-right: auto;margin-top:2%;width:100%;\"><\/div><\/div><\/div><div class=\"fusion-layout-column fusion_builder_column fusion-builder-column-6 fusion_builder_column_1_5 1_5 fusion-flex-column\" style=\"--awb-bg-size:cover;--awb-width-large:20%;--awb-margin-top-large:0px;--awb-spacing-right-large:9.6%;--awb-margin-bottom-large:20px;--awb-spacing-left-large:9.6%;--awb-width-medium:20%;--awb-order-medium:0;--awb-spacing-right-medium:9.6%;--awb-spacing-left-medium:9.6%;--awb-width-small:100%;--awb-order-small:0;--awb-spacing-right-small:1.92%;--awb-spacing-left-small:1.92%;\"><div class=\"fusion-column-wrapper fusion-column-has-shadow fusion-flex-justify-content-flex-start fusion-content-layout-column\"><div class=\"fusion-image-element \" style=\"--awb-max-width:431px;--awb-caption-title-font-family:var(--h2_typography-font-family);--awb-caption-title-font-weight:var(--h2_typography-font-weight);--awb-caption-title-font-style:var(--h2_typography-font-style);--awb-caption-title-size:var(--h2_typography-font-size);--awb-caption-title-transform:var(--h2_typography-text-transform);--awb-caption-title-line-height:var(--h2_typography-line-height);--awb-caption-title-letter-spacing:var(--h2_typography-letter-spacing);\"><span class=\" fusion-imageframe imageframe-none imageframe-2 hover-type-none\" style=\"border-radius:12px;\"><img decoding=\"async\" width=\"400\" height=\"600\" title=\"VEDI-BISSONE-CASA-CASELLINI\" src=\"https:\/\/vedibissone.ch\/wp-content\/uploads\/2025\/07\/VEDI-BISSONE-CASA-CASELLINI.png\" data-orig-src=\"https:\/\/vedibissone.ch\/wp-content\/uploads\/2025\/07\/VEDI-BISSONE-CASA-CASELLINI.png\" alt class=\"lazyload img-responsive wp-image-5282\" srcset=\"data:image\/svg+xml,%3Csvg%20xmlns%3D%27http%3A%2F%2Fwww.w3.org%2F2000%2Fsvg%27%20width%3D%27400%27%20height%3D%27600%27%20viewBox%3D%270%200%20400%20600%27%3E%3Crect%20width%3D%27400%27%20height%3D%27600%27%20fill-opacity%3D%220%22%2F%3E%3C%2Fsvg%3E\" data-srcset=\"https:\/\/vedibissone.ch\/wp-content\/uploads\/2025\/07\/VEDI-BISSONE-CASA-CASELLINI-200x300.png 200w, https:\/\/vedibissone.ch\/wp-content\/uploads\/2025\/07\/VEDI-BISSONE-CASA-CASELLINI.png 400w\" data-sizes=\"auto\" data-orig-sizes=\"(max-width: 800px) 100vw, 400px\" \/><\/span><\/div><div class=\"fusion-separator fusion-full-width-sep\" style=\"align-self: center;margin-left: auto;margin-right: auto;margin-top:2%;width:100%;\"><\/div><div class=\"fusion-text fusion-text-5\"><p style=\"text-align: center;\">La fa\u00e7ade, ann\u00e9es 60<\/p>\n<\/div><\/div><\/div><div class=\"fusion-layout-column fusion_builder_column fusion-builder-column-7 fusion_builder_column_1_5 1_5 fusion-flex-column\" style=\"--awb-bg-size:cover;--awb-width-large:20%;--awb-margin-top-large:0px;--awb-spacing-right-large:9.6%;--awb-margin-bottom-large:20px;--awb-spacing-left-large:9.6%;--awb-width-medium:20%;--awb-order-medium:0;--awb-spacing-right-medium:9.6%;--awb-spacing-left-medium:9.6%;--awb-width-small:100%;--awb-order-small:0;--awb-spacing-right-small:1.92%;--awb-spacing-left-small:1.92%;\"><div class=\"fusion-column-wrapper fusion-column-has-shadow fusion-flex-justify-content-flex-start fusion-content-layout-column\"><div class=\"fusion-image-element \" style=\"--awb-max-width:431px;--awb-caption-title-font-family:var(--h2_typography-font-family);--awb-caption-title-font-weight:var(--h2_typography-font-weight);--awb-caption-title-font-style:var(--h2_typography-font-style);--awb-caption-title-size:var(--h2_typography-font-size);--awb-caption-title-transform:var(--h2_typography-text-transform);--awb-caption-title-line-height:var(--h2_typography-line-height);--awb-caption-title-letter-spacing:var(--h2_typography-letter-spacing);\"><span class=\" fusion-imageframe imageframe-none imageframe-3 hover-type-none\" style=\"border-radius:12px;\"><img decoding=\"async\" width=\"400\" height=\"600\" title=\"VEDI-BISSONE-CASA-CASELLINI-RILIEVO-FACCIATA\" src=\"https:\/\/vedibissone.ch\/wp-content\/uploads\/2025\/07\/VEDI-BISSONE-CASA-CASELLINI-RILIEVO-FACCIATA.png\" data-orig-src=\"https:\/\/vedibissone.ch\/wp-content\/uploads\/2025\/07\/VEDI-BISSONE-CASA-CASELLINI-RILIEVO-FACCIATA.png\" alt class=\"lazyload img-responsive wp-image-5279\" srcset=\"data:image\/svg+xml,%3Csvg%20xmlns%3D%27http%3A%2F%2Fwww.w3.org%2F2000%2Fsvg%27%20width%3D%27400%27%20height%3D%27600%27%20viewBox%3D%270%200%20400%20600%27%3E%3Crect%20width%3D%27400%27%20height%3D%27600%27%20fill-opacity%3D%220%22%2F%3E%3C%2Fsvg%3E\" data-srcset=\"https:\/\/vedibissone.ch\/wp-content\/uploads\/2025\/07\/VEDI-BISSONE-CASA-CASELLINI-RILIEVO-FACCIATA-200x300.png 200w, https:\/\/vedibissone.ch\/wp-content\/uploads\/2025\/07\/VEDI-BISSONE-CASA-CASELLINI-RILIEVO-FACCIATA.png 400w\" data-sizes=\"auto\" data-orig-sizes=\"(max-width: 800px) 100vw, 400px\" \/><\/span><\/div><div class=\"fusion-separator fusion-full-width-sep\" style=\"align-self: center;margin-left: auto;margin-right: auto;margin-top:2%;width:100%;\"><\/div><div class=\"fusion-text fusion-text-6\"><p style=\"text-align: center;\">Relev\u00e9 de la fa\u00e7ade<\/p>\n<\/div><\/div><\/div><div class=\"fusion-layout-column fusion_builder_column fusion-builder-column-8 fusion_builder_column_1_5 1_5 fusion-flex-column\" style=\"--awb-bg-size:cover;--awb-width-large:20%;--awb-margin-top-large:0px;--awb-spacing-right-large:9.6%;--awb-margin-bottom-large:20px;--awb-spacing-left-large:9.6%;--awb-width-medium:20%;--awb-order-medium:0;--awb-spacing-right-medium:9.6%;--awb-spacing-left-medium:9.6%;--awb-width-small:100%;--awb-order-small:0;--awb-spacing-right-small:1.92%;--awb-spacing-left-small:1.92%;\"><div class=\"fusion-column-wrapper fusion-column-has-shadow fusion-flex-justify-content-flex-start fusion-content-layout-column\"><div class=\"fusion-image-element \" style=\"--awb-max-width:431px;--awb-caption-title-font-family:var(--h2_typography-font-family);--awb-caption-title-font-weight:var(--h2_typography-font-weight);--awb-caption-title-font-style:var(--h2_typography-font-style);--awb-caption-title-size:var(--h2_typography-font-size);--awb-caption-title-transform:var(--h2_typography-text-transform);--awb-caption-title-line-height:var(--h2_typography-line-height);--awb-caption-title-letter-spacing:var(--h2_typography-letter-spacing);\"><span class=\" fusion-imageframe imageframe-none imageframe-4 hover-type-none\" style=\"border-radius:12px;\"><img decoding=\"async\" width=\"400\" height=\"600\" title=\"VEDI-BISSONE-FACCATA\" src=\"https:\/\/vedibissone.ch\/wp-content\/uploads\/2025\/06\/VEDI-BISSONE-FACCATA.jpg\" data-orig-src=\"https:\/\/vedibissone.ch\/wp-content\/uploads\/2025\/06\/VEDI-BISSONE-FACCATA.jpg\" alt class=\"lazyload img-responsive wp-image-4663\" srcset=\"data:image\/svg+xml,%3Csvg%20xmlns%3D%27http%3A%2F%2Fwww.w3.org%2F2000%2Fsvg%27%20width%3D%27400%27%20height%3D%27600%27%20viewBox%3D%270%200%20400%20600%27%3E%3Crect%20width%3D%27400%27%20height%3D%27600%27%20fill-opacity%3D%220%22%2F%3E%3C%2Fsvg%3E\" data-srcset=\"https:\/\/vedibissone.ch\/wp-content\/uploads\/2025\/06\/VEDI-BISSONE-FACCATA-200x300.jpg 200w, https:\/\/vedibissone.ch\/wp-content\/uploads\/2025\/06\/VEDI-BISSONE-FACCATA.jpg 400w\" data-sizes=\"auto\" data-orig-sizes=\"(max-width: 800px) 100vw, 400px\" \/><\/span><\/div><div class=\"fusion-separator fusion-full-width-sep\" style=\"align-self: center;margin-left: auto;margin-right: auto;margin-top:2%;width:100%;\"><\/div><div class=\"fusion-text fusion-text-7\"><p style=\"text-align: center;\">La fa\u00e7ade actuelle<\/p>\n<\/div><\/div><\/div><div class=\"fusion-layout-column fusion_builder_column fusion-builder-column-9 fusion_builder_column_1_5 1_5 fusion-flex-column\" style=\"--awb-bg-size:cover;--awb-width-large:20%;--awb-margin-top-large:0px;--awb-spacing-right-large:9.6%;--awb-margin-bottom-large:20px;--awb-spacing-left-large:9.6%;--awb-width-medium:20%;--awb-order-medium:0;--awb-spacing-right-medium:9.6%;--awb-spacing-left-medium:9.6%;--awb-width-small:100%;--awb-order-small:0;--awb-spacing-right-small:1.92%;--awb-spacing-left-small:1.92%;\"><div class=\"fusion-column-wrapper fusion-column-has-shadow fusion-flex-justify-content-flex-start fusion-content-layout-column\"><div class=\"fusion-image-element \" style=\"--awb-max-width:431px;--awb-caption-title-font-family:var(--h2_typography-font-family);--awb-caption-title-font-weight:var(--h2_typography-font-weight);--awb-caption-title-font-style:var(--h2_typography-font-style);--awb-caption-title-size:var(--h2_typography-font-size);--awb-caption-title-transform:var(--h2_typography-text-transform);--awb-caption-title-line-height:var(--h2_typography-line-height);--awb-caption-title-letter-spacing:var(--h2_typography-letter-spacing);\"><span class=\" fusion-imageframe imageframe-none imageframe-5 hover-type-none\" style=\"border-radius:12px;\"><img decoding=\"async\" width=\"400\" height=\"600\" title=\"VEDI-BISSONE-CASA-CASELLINI-2\" src=\"https:\/\/vedibissone.ch\/wp-content\/uploads\/2025\/07\/VEDI-BISSONE-CASA-CASELLINI-2.png\" data-orig-src=\"https:\/\/vedibissone.ch\/wp-content\/uploads\/2025\/07\/VEDI-BISSONE-CASA-CASELLINI-2.png\" alt class=\"lazyload img-responsive wp-image-5285\" srcset=\"data:image\/svg+xml,%3Csvg%20xmlns%3D%27http%3A%2F%2Fwww.w3.org%2F2000%2Fsvg%27%20width%3D%27400%27%20height%3D%27600%27%20viewBox%3D%270%200%20400%20600%27%3E%3Crect%20width%3D%27400%27%20height%3D%27600%27%20fill-opacity%3D%220%22%2F%3E%3C%2Fsvg%3E\" data-srcset=\"https:\/\/vedibissone.ch\/wp-content\/uploads\/2025\/07\/VEDI-BISSONE-CASA-CASELLINI-2-200x300.png 200w, https:\/\/vedibissone.ch\/wp-content\/uploads\/2025\/07\/VEDI-BISSONE-CASA-CASELLINI-2.png 400w\" data-sizes=\"auto\" data-orig-sizes=\"(max-width: 800px) 100vw, 400px\" \/><\/span><\/div><div class=\"fusion-separator fusion-full-width-sep\" style=\"align-self: center;margin-left: auto;margin-right: auto;margin-top:2%;width:100%;\"><\/div><div class=\"fusion-text fusion-text-8\"><p style=\"text-align: center;\">La section<\/p>\n<\/div><\/div><\/div><div class=\"fusion-layout-column fusion_builder_column fusion-builder-column-10 fusion_builder_column_1_5 1_5 fusion-flex-column\" style=\"--awb-bg-size:cover;--awb-width-large:20%;--awb-margin-top-large:0px;--awb-spacing-right-large:9.6%;--awb-margin-bottom-large:20px;--awb-spacing-left-large:9.6%;--awb-width-medium:20%;--awb-order-medium:0;--awb-spacing-right-medium:9.6%;--awb-spacing-left-medium:9.6%;--awb-width-small:100%;--awb-order-small:0;--awb-spacing-right-small:1.92%;--awb-spacing-left-small:1.92%;\"><div class=\"fusion-column-wrapper fusion-column-has-shadow fusion-flex-justify-content-flex-start fusion-content-layout-column\"><div class=\"fusion-image-element \" style=\"--awb-max-width:431px;--awb-caption-title-font-family:var(--h2_typography-font-family);--awb-caption-title-font-weight:var(--h2_typography-font-weight);--awb-caption-title-font-style:var(--h2_typography-font-style);--awb-caption-title-size:var(--h2_typography-font-size);--awb-caption-title-transform:var(--h2_typography-text-transform);--awb-caption-title-line-height:var(--h2_typography-line-height);--awb-caption-title-letter-spacing:var(--h2_typography-letter-spacing);\"><span class=\" fusion-imageframe imageframe-none imageframe-6 hover-type-none\" style=\"border-radius:12px;\"><img decoding=\"async\" width=\"400\" height=\"600\" title=\"VEDI-BISSONE-CASA-CASELLINI-PIANTA\" src=\"https:\/\/vedibissone.ch\/wp-content\/uploads\/2025\/07\/VEDI-BISSONE-CASA-CASELLINI-PIANTA.png\" data-orig-src=\"https:\/\/vedibissone.ch\/wp-content\/uploads\/2025\/07\/VEDI-BISSONE-CASA-CASELLINI-PIANTA.png\" alt class=\"lazyload img-responsive wp-image-5288\" srcset=\"data:image\/svg+xml,%3Csvg%20xmlns%3D%27http%3A%2F%2Fwww.w3.org%2F2000%2Fsvg%27%20width%3D%27400%27%20height%3D%27600%27%20viewBox%3D%270%200%20400%20600%27%3E%3Crect%20width%3D%27400%27%20height%3D%27600%27%20fill-opacity%3D%220%22%2F%3E%3C%2Fsvg%3E\" data-srcset=\"https:\/\/vedibissone.ch\/wp-content\/uploads\/2025\/07\/VEDI-BISSONE-CASA-CASELLINI-PIANTA-200x300.png 200w, https:\/\/vedibissone.ch\/wp-content\/uploads\/2025\/07\/VEDI-BISSONE-CASA-CASELLINI-PIANTA.png 400w\" data-sizes=\"auto\" data-orig-sizes=\"(max-width: 800px) 100vw, 400px\" \/><\/span><\/div><div class=\"fusion-separator fusion-full-width-sep\" style=\"align-self: center;margin-left: auto;margin-right: auto;margin-top:2%;width:100%;\"><\/div><div class=\"fusion-text fusion-text-9\"><p style=\"text-align: center;\">Plan du 1er \u00e9tage avec plafonds \u00e0 caissons<\/p>\n<\/div><\/div><\/div><\/div><\/div><\/p>\n","protected":false},"excerpt":{"rendered":"","protected":false},"author":1,"featured_media":6394,"parent":0,"menu_order":0,"comment_status":"closed","ping_status":"closed","template":"100-width.php","meta":{"footnotes":""},"class_list":["post-6619","page","type-page","status-publish","has-post-thumbnail","hentry"],"yoast_head":"<!-- This site is optimized with the Yoast SEO plugin v27.4 - https:\/\/yoast.com\/product\/yoast-seo-wordpress\/ -->\n<title>6. Maison Casellini - Vedi Bissone<\/title>\n<meta name=\"robots\" content=\"index, follow, max-snippet:-1, max-image-preview:large, max-video-preview:-1\" \/>\n<link rel=\"canonical\" href=\"https:\/\/vedibissone.ch\/fr\/casa-casellini\/\" \/>\n<meta property=\"og:locale\" content=\"fr_FR\" \/>\n<meta property=\"og:type\" content=\"article\" \/>\n<meta property=\"og:title\" content=\"6. Maison Casellini - Vedi Bissone\" \/>\n<meta property=\"og:url\" content=\"https:\/\/vedibissone.ch\/fr\/casa-casellini\/\" \/>\n<meta property=\"og:site_name\" content=\"Vedi Bissone\" \/>\n<meta property=\"article:modified_time\" content=\"2026-04-23T14:09:46+00:00\" \/>\n<meta property=\"og:image\" content=\"https:\/\/vedibissone.ch\/wp-content\/uploads\/2025\/07\/VEDI-BISSONE-Casa-Casellini.jpg\" \/>\n\t<meta property=\"og:image:width\" content=\"626\" \/>\n\t<meta property=\"og:image:height\" content=\"626\" \/>\n\t<meta property=\"og:image:type\" content=\"image\/jpeg\" \/>\n<meta name=\"twitter:card\" content=\"summary_large_image\" \/>\n<meta name=\"twitter:label1\" content=\"Dur\u00e9e de lecture estim\u00e9e\" \/>\n\t<meta name=\"twitter:data1\" content=\"3 minutes\" \/>\n<script type=\"application\/ld+json\" class=\"yoast-schema-graph\">{\"@context\":\"https:\\\/\\\/schema.org\",\"@graph\":[{\"@type\":\"WebPage\",\"@id\":\"https:\\\/\\\/vedibissone.ch\\\/fr\\\/casa-casellini\\\/\",\"url\":\"https:\\\/\\\/vedibissone.ch\\\/fr\\\/casa-casellini\\\/\",\"name\":\"6. Maison Casellini - Vedi Bissone\",\"isPartOf\":{\"@id\":\"https:\\\/\\\/vedibissone.ch\\\/en\\\/#website\"},\"primaryImageOfPage\":{\"@id\":\"https:\\\/\\\/vedibissone.ch\\\/fr\\\/casa-casellini\\\/#primaryimage\"},\"image\":{\"@id\":\"https:\\\/\\\/vedibissone.ch\\\/fr\\\/casa-casellini\\\/#primaryimage\"},\"thumbnailUrl\":\"https:\\\/\\\/vedibissone.ch\\\/wp-content\\\/uploads\\\/2025\\\/07\\\/VEDI-BISSONE-Casa-Casellini.jpg\",\"datePublished\":\"2023-09-05T13:25:08+00:00\",\"dateModified\":\"2026-04-23T14:09:46+00:00\",\"breadcrumb\":{\"@id\":\"https:\\\/\\\/vedibissone.ch\\\/fr\\\/casa-casellini\\\/#breadcrumb\"},\"inLanguage\":\"fr-FR\",\"potentialAction\":[{\"@type\":\"ReadAction\",\"target\":[\"https:\\\/\\\/vedibissone.ch\\\/fr\\\/casa-casellini\\\/\"]}]},{\"@type\":\"ImageObject\",\"inLanguage\":\"fr-FR\",\"@id\":\"https:\\\/\\\/vedibissone.ch\\\/fr\\\/casa-casellini\\\/#primaryimage\",\"url\":\"https:\\\/\\\/vedibissone.ch\\\/wp-content\\\/uploads\\\/2025\\\/07\\\/VEDI-BISSONE-Casa-Casellini.jpg\",\"contentUrl\":\"https:\\\/\\\/vedibissone.ch\\\/wp-content\\\/uploads\\\/2025\\\/07\\\/VEDI-BISSONE-Casa-Casellini.jpg\",\"width\":626,\"height\":626},{\"@type\":\"BreadcrumbList\",\"@id\":\"https:\\\/\\\/vedibissone.ch\\\/fr\\\/casa-casellini\\\/#breadcrumb\",\"itemListElement\":[{\"@type\":\"ListItem\",\"position\":1,\"name\":\"Home\",\"item\":\"https:\\\/\\\/vedibissone.ch\\\/\"},{\"@type\":\"ListItem\",\"position\":2,\"name\":\"6. Maison Casellini\"}]},{\"@type\":\"WebSite\",\"@id\":\"https:\\\/\\\/vedibissone.ch\\\/en\\\/#website\",\"url\":\"https:\\\/\\\/vedibissone.ch\\\/en\\\/\",\"name\":\"Vedi Bissone\",\"description\":\"Arte, storia e cultura\",\"publisher\":{\"@id\":\"https:\\\/\\\/vedibissone.ch\\\/en\\\/#organization\"},\"potentialAction\":[{\"@type\":\"SearchAction\",\"target\":{\"@type\":\"EntryPoint\",\"urlTemplate\":\"https:\\\/\\\/vedibissone.ch\\\/en\\\/?s={search_term_string}\"},\"query-input\":{\"@type\":\"PropertyValueSpecification\",\"valueRequired\":true,\"valueName\":\"search_term_string\"}}],\"inLanguage\":\"fr-FR\"},{\"@type\":\"Organization\",\"@id\":\"https:\\\/\\\/vedibissone.ch\\\/en\\\/#organization\",\"name\":\"Vedi Bissone\",\"url\":\"https:\\\/\\\/vedibissone.ch\\\/en\\\/\",\"logo\":{\"@type\":\"ImageObject\",\"inLanguage\":\"fr-FR\",\"@id\":\"https:\\\/\\\/vedibissone.ch\\\/en\\\/#\\\/schema\\\/logo\\\/image\\\/\",\"url\":\"https:\\\/\\\/vedibissone.ch\\\/wp-content\\\/uploads\\\/2023\\\/06\\\/Logo-Bissone-def.png\",\"contentUrl\":\"https:\\\/\\\/vedibissone.ch\\\/wp-content\\\/uploads\\\/2023\\\/06\\\/Logo-Bissone-def.png\",\"width\":600,\"height\":183,\"caption\":\"Vedi Bissone\"},\"image\":{\"@id\":\"https:\\\/\\\/vedibissone.ch\\\/en\\\/#\\\/schema\\\/logo\\\/image\\\/\"}}]}<\/script>\n<!-- \/ Yoast SEO plugin. -->","yoast_head_json":{"title":"6. Maison Casellini - Vedi Bissone","robots":{"index":"index","follow":"follow","max-snippet":"max-snippet:-1","max-image-preview":"max-image-preview:large","max-video-preview":"max-video-preview:-1"},"canonical":"https:\/\/vedibissone.ch\/fr\/casa-casellini\/","og_locale":"fr_FR","og_type":"article","og_title":"6. Maison Casellini - Vedi Bissone","og_url":"https:\/\/vedibissone.ch\/fr\/casa-casellini\/","og_site_name":"Vedi Bissone","article_modified_time":"2026-04-23T14:09:46+00:00","og_image":[{"width":626,"height":626,"url":"https:\/\/vedibissone.ch\/wp-content\/uploads\/2025\/07\/VEDI-BISSONE-Casa-Casellini.jpg","type":"image\/jpeg"}],"twitter_card":"summary_large_image","twitter_misc":{"Dur\u00e9e de lecture estim\u00e9e":"3 minutes"},"schema":{"@context":"https:\/\/schema.org","@graph":[{"@type":"WebPage","@id":"https:\/\/vedibissone.ch\/fr\/casa-casellini\/","url":"https:\/\/vedibissone.ch\/fr\/casa-casellini\/","name":"6. Maison Casellini - Vedi Bissone","isPartOf":{"@id":"https:\/\/vedibissone.ch\/en\/#website"},"primaryImageOfPage":{"@id":"https:\/\/vedibissone.ch\/fr\/casa-casellini\/#primaryimage"},"image":{"@id":"https:\/\/vedibissone.ch\/fr\/casa-casellini\/#primaryimage"},"thumbnailUrl":"https:\/\/vedibissone.ch\/wp-content\/uploads\/2025\/07\/VEDI-BISSONE-Casa-Casellini.jpg","datePublished":"2023-09-05T13:25:08+00:00","dateModified":"2026-04-23T14:09:46+00:00","breadcrumb":{"@id":"https:\/\/vedibissone.ch\/fr\/casa-casellini\/#breadcrumb"},"inLanguage":"fr-FR","potentialAction":[{"@type":"ReadAction","target":["https:\/\/vedibissone.ch\/fr\/casa-casellini\/"]}]},{"@type":"ImageObject","inLanguage":"fr-FR","@id":"https:\/\/vedibissone.ch\/fr\/casa-casellini\/#primaryimage","url":"https:\/\/vedibissone.ch\/wp-content\/uploads\/2025\/07\/VEDI-BISSONE-Casa-Casellini.jpg","contentUrl":"https:\/\/vedibissone.ch\/wp-content\/uploads\/2025\/07\/VEDI-BISSONE-Casa-Casellini.jpg","width":626,"height":626},{"@type":"BreadcrumbList","@id":"https:\/\/vedibissone.ch\/fr\/casa-casellini\/#breadcrumb","itemListElement":[{"@type":"ListItem","position":1,"name":"Home","item":"https:\/\/vedibissone.ch\/"},{"@type":"ListItem","position":2,"name":"6. Maison Casellini"}]},{"@type":"WebSite","@id":"https:\/\/vedibissone.ch\/en\/#website","url":"https:\/\/vedibissone.ch\/en\/","name":"Vedi Bissone","description":"Arte, storia e cultura","publisher":{"@id":"https:\/\/vedibissone.ch\/en\/#organization"},"potentialAction":[{"@type":"SearchAction","target":{"@type":"EntryPoint","urlTemplate":"https:\/\/vedibissone.ch\/en\/?s={search_term_string}"},"query-input":{"@type":"PropertyValueSpecification","valueRequired":true,"valueName":"search_term_string"}}],"inLanguage":"fr-FR"},{"@type":"Organization","@id":"https:\/\/vedibissone.ch\/en\/#organization","name":"Vedi Bissone","url":"https:\/\/vedibissone.ch\/en\/","logo":{"@type":"ImageObject","inLanguage":"fr-FR","@id":"https:\/\/vedibissone.ch\/en\/#\/schema\/logo\/image\/","url":"https:\/\/vedibissone.ch\/wp-content\/uploads\/2023\/06\/Logo-Bissone-def.png","contentUrl":"https:\/\/vedibissone.ch\/wp-content\/uploads\/2023\/06\/Logo-Bissone-def.png","width":600,"height":183,"caption":"Vedi Bissone"},"image":{"@id":"https:\/\/vedibissone.ch\/en\/#\/schema\/logo\/image\/"}}]}},"_links":{"self":[{"href":"https:\/\/vedibissone.ch\/fr\/wp-json\/wp\/v2\/pages\/6619","targetHints":{"allow":["GET"]}}],"collection":[{"href":"https:\/\/vedibissone.ch\/fr\/wp-json\/wp\/v2\/pages"}],"about":[{"href":"https:\/\/vedibissone.ch\/fr\/wp-json\/wp\/v2\/types\/page"}],"author":[{"embeddable":true,"href":"https:\/\/vedibissone.ch\/fr\/wp-json\/wp\/v2\/users\/1"}],"replies":[{"embeddable":true,"href":"https:\/\/vedibissone.ch\/fr\/wp-json\/wp\/v2\/comments?post=6619"}],"version-history":[{"count":6,"href":"https:\/\/vedibissone.ch\/fr\/wp-json\/wp\/v2\/pages\/6619\/revisions"}],"predecessor-version":[{"id":6683,"href":"https:\/\/vedibissone.ch\/fr\/wp-json\/wp\/v2\/pages\/6619\/revisions\/6683"}],"wp:featuredmedia":[{"embeddable":true,"href":"https:\/\/vedibissone.ch\/fr\/wp-json\/wp\/v2\/media\/6394"}],"wp:attachment":[{"href":"https:\/\/vedibissone.ch\/fr\/wp-json\/wp\/v2\/media?parent=6619"}],"curies":[{"name":"wp","href":"https:\/\/api.w.org\/{rel}","templated":true}]}}